{"id":304,"date":"2019-04-12T11:28:03","date_gmt":"2019-04-12T11:28:03","guid":{"rendered":"https:\/\/decodem.ces.uc.pt\/?page_id=304"},"modified":"2020-03-14T01:32:44","modified_gmt":"2020-03-14T01:32:44","slug":"scientific-articles","status":"publish","type":"page","link":"https:\/\/decodem.ces.uc.pt\/?page_id=304","title":{"rendered":"PRESENTATIONS AT ACADEMIC EVENTS"},"content":{"rendered":"[vc_row type=&#8221;full_width_background&#8221; full_screen_row_position=&#8221;middle&#8221; scene_position=&#8221;center&#8221; text_color=&#8221;dark&#8221; text_align=&#8221;left&#8221; top_padding=&#8221;100&#8243; overlay_strength=&#8221;0.3&#8243; shape_divider_position=&#8221;bottom&#8221; bg_image_animation=&#8221;none&#8221; shape_type=&#8221;&#8221;][vc_column column_padding=&#8221;no-extra-padding&#8221; column_padding_position=&#8221;all&#8221; background_color_opacity=&#8221;1&#8243; background_hover_color_opacity=&#8221;1&#8243; column_link_target=&#8221;_self&#8221; column_shadow=&#8221;none&#8221; column_border_radius=&#8221;none&#8221; bottom_margin=&#8221;50&#8243; width=&#8221;1\/1&#8243; tablet_width_inherit=&#8221;default&#8221; tablet_text_alignment=&#8221;default&#8221; phone_text_alignment=&#8221;default&#8221; column_border_width=&#8221;none&#8221; column_border_style=&#8221;solid&#8221; bg_image_animation=&#8221;none&#8221;][vc_column_text]\n<h1 style=\"text-align: center;\">PRESENTATIONS AT ACADEMIC EVENTS<\/h1>\n[\/vc_column_text][\/vc_column][\/vc_row][vc_row type=&#8221;full_width_background&#8221; full_screen_row_position=&#8221;middle&#8221; bg_color=&#8221;#ffffff&#8221; scene_position=&#8221;center&#8221; text_color=&#8221;dark&#8221; text_align=&#8221;left&#8221; top_padding=&#8221;1%&#8221; bottom_padding=&#8221;6%&#8221; class=&#8221;tabs&#8221; overlay_strength=&#8221;0.3&#8243; shape_divider_position=&#8221;bottom&#8221; bg_image_animation=&#8221;none&#8221; shape_type=&#8221;&#8221;][vc_column column_padding=&#8221;no-extra-padding&#8221; column_padding_position=&#8221;all&#8221; background_color_opacity=&#8221;1&#8243; background_hover_color_opacity=&#8221;1&#8243; column_link_target=&#8221;_self&#8221; column_shadow=&#8221;none&#8221; column_border_radius=&#8221;none&#8221; width=&#8221;1\/1&#8243; tablet_width_inherit=&#8221;default&#8221; tablet_text_alignment=&#8221;default&#8221; phone_text_alignment=&#8221;default&#8221; column_border_width=&#8221;none&#8221; column_border_style=&#8221;solid&#8221; bg_image_animation=&#8221;none&#8221;]\t\n\t<div class=\"row\">\n\t\n\t <div class=\"post-area col featured_img_left span_12 col_last    \" data-ams=\"\" data-remove-post-date=\"1\" data-remove-post-author=\"1\" data-remove-post-comment-number=\"1\" data-remove-post-nectar-love=\"1\"> <div class=\"posts-container\" data-load-animation=\"none\">\t\t\t\t\n\t\t\t\t\n<article id=\"post-3302\" class=\"regular post-3302 post type-post status-publish format-standard has-post-thumbnail category-presentations\">\n\n\t<div class=\"inner-wrap animated\">\n\n\t\t<div class=\"post-content\">\n\t\t\t\n\t\t\t\t\t\t\t  \n\n\t\t\t\t\t <div class=\"article-content-wrap\">\n\t\t\t\t\t\t\n\t\t\t\t\t\t<div class=\"post-featured-img-wrap\"> \n\t\t\t\t\t\t\t\n\t\t\t\t\t\t\t<a href=\"https:\/\/decodem.ces.uc.pt\/?p=3302\"><span class=\"post-featured-img\" style=\"background-image: url(https:\/\/decodem.ces.uc.pt\/wp-content\/uploads\/2021\/06\/imagem-workshop-1-900x600.jpg);\"><\/span><\/a>\t\t\t\t\t\t\t\n\t\t\t\t\t\t<\/div>\n\t\t\t\t\t\t\n\t\t\t\t\t\t<div class=\"post-content-wrap\"> \n\t\t\t\t\t\t\t\n\t\t\t\t\t\t\t<a class=\"entire-meta-link\" href=\"https:\/\/decodem.ces.uc.pt\/?p=3302\"><\/a>\n\t\t\t\t\t\t\t\n\t\t\t\t\t\t\t<span class=\"meta-category\"><a class=\"presentations\" href=\"https:\/\/decodem.ces.uc.pt\/?cat=16\">Apresenta\u00e7\u00f5es em eventos acad\u00e9micos<\/a><\/span>\t\t\t\t\t\t\n\t\t\t\t\t\t\t<div class=\"post-header\">\n\n\t\t\t\t\t\t\t\t<h3 class=\"title\">\n\t\t\t\t\t\t\t\t\t \n\t\t\t\t\t\t\t\t\t\t<a href=\"https:\/\/decodem.ces.uc.pt\/?p=3302\">\t\t\t\t\t\t\t\t\t\t\tSex, violence and the naturalization of sexual violence in the discussion of the rape allegations against Cristiano Ronaldo in Portugal\t\t\t\t\t\t\t\t\t\t  \t\t\t\t\t\t\t\t<\/a> \n\t\t\t\t\t\t\t\t\t\t\t\t\t\t\t\t\t<\/h3>\n\n\t\t\t\t\t\t\t\t\n\t\t\t\t\t\t\t<\/div><!--\/post-header-->\n\t\t\t\t\t\t\t\n\t\t\t\t\t\t\t<div class=\"excerpt\">Sexual violence in modern southern European history workshop - 25 June 2021<\/div><div class=\"grav-wrap\"><a href=\"https:\/\/decodem.ces.uc.pt\/?author=1\"><\/a><div class=\"text\"><a href=\"https:\/\/decodem.ces.uc.pt\/?author=1\" rel=\"author\">decodem<\/a><span>17 de Junho, 2021<\/span><\/div><\/div>\n\t\t\t\t\t<\/div><!--post-content-wrap-->\n\n\t\t\t\t\t<\/div><!--article-content-wrap-->\n\n\t\t\t\t\t\t\t\t\n\t\t<\/div><!--\/post-content-->\n\n\t<\/div><!--\/inner-wrap-->\n\t\t\n<\/article><!--\/article-->\n\t\t\t\t\n\t\t\t\t\n<article id=\"post-3255\" class=\"regular post-3255 post type-post status-publish format-standard has-post-thumbnail category-presentations\">\n\n\t<div class=\"inner-wrap animated\">\n\n\t\t<div class=\"post-content\">\n\t\t\t\n\t\t\t\t\t\t\t  \n\n\t\t\t\t\t <div class=\"article-content-wrap\">\n\t\t\t\t\t\t\n\t\t\t\t\t\t<div class=\"post-featured-img-wrap\"> \n\t\t\t\t\t\t\t\n\t\t\t\t\t\t\t<a href=\"https:\/\/decodem.ces.uc.pt\/?p=3255\"><span class=\"post-featured-img\" style=\"background-image: url(https:\/\/decodem.ces.uc.pt\/wp-content\/uploads\/2021\/05\/pint_2021-900x600.png);\"><\/span><\/a>\t\t\t\t\t\t\t\n\t\t\t\t\t\t<\/div>\n\t\t\t\t\t\t\n\t\t\t\t\t\t<div class=\"post-content-wrap\"> \n\t\t\t\t\t\t\t\n\t\t\t\t\t\t\t<a class=\"entire-meta-link\" href=\"https:\/\/decodem.ces.uc.pt\/?p=3255\"><\/a>\n\t\t\t\t\t\t\t\n\t\t\t\t\t\t\t<span class=\"meta-category\"><a class=\"presentations\" href=\"https:\/\/decodem.ces.uc.pt\/?cat=16\">Apresenta\u00e7\u00f5es em eventos acad\u00e9micos<\/a><\/span>\t\t\t\t\t\t\n\t\t\t\t\t\t\t<div class=\"post-header\">\n\n\t\t\t\t\t\t\t\t<h3 class=\"title\">\n\t\t\t\t\t\t\t\t\t \n\t\t\t\t\t\t\t\t\t\t<a href=\"https:\/\/decodem.ces.uc.pt\/?p=3255\">\t\t\t\t\t\t\t\t\t\t\tA import\u00e2ncia das palavras no mundo 5.0\t\t\t\t\t\t\t\t\t\t  \t\t\t\t\t\t\t\t<\/a> \n\t\t\t\t\t\t\t\t\t\t\t\t\t\t\t\t\t<\/h3>\n\n\t\t\t\t\t\t\t\t\n\t\t\t\t\t\t\t<\/div><!--\/post-header-->\n\t\t\t\t\t\t\t\n\t\t\t\t\t\t\t<div class=\"excerpt\">Pint of Science Portugal, May 17th to 19th, 2021, Online<\/div><div class=\"grav-wrap\"><a href=\"https:\/\/decodem.ces.uc.pt\/?author=1\"><\/a><div class=\"text\"><a href=\"https:\/\/decodem.ces.uc.pt\/?author=1\" rel=\"author\">decodem<\/a><span>13 de Maio, 2021<\/span><\/div><\/div>\n\t\t\t\t\t<\/div><!--post-content-wrap-->\n\n\t\t\t\t\t<\/div><!--article-content-wrap-->\n\n\t\t\t\t\t\t\t\t\n\t\t<\/div><!--\/post-content-->\n\n\t<\/div><!--\/inner-wrap-->\n\t\t\n<\/article><!--\/article-->\n\t\t\t\t\n\t\t\t\t\n<article id=\"post-3175\" class=\"regular post-3175 post type-post status-publish format-standard has-post-thumbnail category-presentations\">\n\n\t<div class=\"inner-wrap animated\">\n\n\t\t<div class=\"post-content\">\n\t\t\t\n\t\t\t\t\t\t\t  \n\n\t\t\t\t\t <div class=\"article-content-wrap\">\n\t\t\t\t\t\t\n\t\t\t\t\t\t<div class=\"post-featured-img-wrap\"> \n\t\t\t\t\t\t\t\n\t\t\t\t\t\t\t<a href=\"https:\/\/decodem.ces.uc.pt\/?p=3175\"><span class=\"post-featured-img\" style=\"background-image: url(https:\/\/decodem.ces.uc.pt\/wp-content\/uploads\/2020\/12\/heforshe-900x600.jpg);\"><\/span><\/a>\t\t\t\t\t\t\t\n\t\t\t\t\t\t<\/div>\n\t\t\t\t\t\t\n\t\t\t\t\t\t<div class=\"post-content-wrap\"> \n\t\t\t\t\t\t\t\n\t\t\t\t\t\t\t<a class=\"entire-meta-link\" href=\"https:\/\/decodem.ces.uc.pt\/?p=3175\"><\/a>\n\t\t\t\t\t\t\t\n\t\t\t\t\t\t\t<span class=\"meta-category\"><a class=\"presentations\" href=\"https:\/\/decodem.ces.uc.pt\/?cat=16\">Apresenta\u00e7\u00f5es em eventos acad\u00e9micos<\/a><\/span>\t\t\t\t\t\t\n\t\t\t\t\t\t\t<div class=\"post-header\">\n\n\t\t\t\t\t\t\t\t<h3 class=\"title\">\n\t\t\t\t\t\t\t\t\t \n\t\t\t\t\t\t\t\t\t\t<a href=\"https:\/\/decodem.ces.uc.pt\/?p=3175\">\t\t\t\t\t\t\t\t\t\t\tWomen, Media and Change\t\t\t\t\t\t\t\t\t\t  \t\t\t\t\t\t\t\t<\/a> \n\t\t\t\t\t\t\t\t\t\t\t\t\t\t\t\t\t<\/h3>\n\n\t\t\t\t\t\t\t\t\n\t\t\t\t\t\t\t<\/div><!--\/post-header-->\n\t\t\t\t\t\t\t\n\t\t\t\t\t\t\t<div class=\"excerpt\">Online Seminar, HeForShe Coimbra, November 21, 2020.<\/div><div class=\"grav-wrap\"><a href=\"https:\/\/decodem.ces.uc.pt\/?author=1\"><\/a><div class=\"text\"><a href=\"https:\/\/decodem.ces.uc.pt\/?author=1\" rel=\"author\">decodem<\/a><span>14 de Dezembro, 2020<\/span><\/div><\/div>\n\t\t\t\t\t<\/div><!--post-content-wrap-->\n\n\t\t\t\t\t<\/div><!--article-content-wrap-->\n\n\t\t\t\t\t\t\t\t\n\t\t<\/div><!--\/post-content-->\n\n\t<\/div><!--\/inner-wrap-->\n\t\t\n<\/article><!--\/article-->\n\t\t\t\t\n\t\t\t\t\n<article id=\"post-3165\" class=\"regular post-3165 post type-post status-publish format-standard has-post-thumbnail category-presentations\">\n\n\t<div class=\"inner-wrap animated\">\n\n\t\t<div class=\"post-content\">\n\t\t\t\n\t\t\t\t\t\t\t  \n\n\t\t\t\t\t <div class=\"article-content-wrap\">\n\t\t\t\t\t\t\n\t\t\t\t\t\t<div class=\"post-featured-img-wrap\"> \n\t\t\t\t\t\t\t\n\t\t\t\t\t\t\t<a href=\"https:\/\/decodem.ces.uc.pt\/?p=3165\"><span class=\"post-featured-img\" style=\"background-image: url(https:\/\/decodem.ces.uc.pt\/wp-content\/uploads\/2019\/06\/ces.png);\"><\/span><\/a>\t\t\t\t\t\t\t\n\t\t\t\t\t\t<\/div>\n\t\t\t\t\t\t\n\t\t\t\t\t\t<div class=\"post-content-wrap\"> \n\t\t\t\t\t\t\t\n\t\t\t\t\t\t\t<a class=\"entire-meta-link\" href=\"https:\/\/decodem.ces.uc.pt\/?p=3165\"><\/a>\n\t\t\t\t\t\t\t\n\t\t\t\t\t\t\t<span class=\"meta-category\"><a class=\"presentations\" href=\"https:\/\/decodem.ces.uc.pt\/?cat=16\">Apresenta\u00e7\u00f5es em eventos acad\u00e9micos<\/a><\/span>\t\t\t\t\t\t\n\t\t\t\t\t\t\t<div class=\"post-header\">\n\n\t\t\t\t\t\t\t\t<h3 class=\"title\">\n\t\t\t\t\t\t\t\t\t \n\t\t\t\t\t\t\t\t\t\t<a href=\"https:\/\/decodem.ces.uc.pt\/?p=3165\">\t\t\t\t\t\t\t\t\t\t\tReligious issues in Europe&#8217;s far right. The cases of Portugal, Italy and Germany\t\t\t\t\t\t\t\t\t\t  \t\t\t\t\t\t\t\t<\/a> \n\t\t\t\t\t\t\t\t\t\t\t\t\t\t\t\t\t<\/h3>\n\n\t\t\t\t\t\t\t\t\n\t\t\t\t\t\t\t<\/div><!--\/post-header-->\n\t\t\t\t\t\t\t\n\t\t\t\t\t\t\t<div class=\"excerpt\">Online Seminar, Policredos Working Group, CES, December 2, 2020.<\/div><div class=\"grav-wrap\"><a href=\"https:\/\/decodem.ces.uc.pt\/?author=1\"><\/a><div class=\"text\"><a href=\"https:\/\/decodem.ces.uc.pt\/?author=1\" rel=\"author\">decodem<\/a><span>24 de Novembro, 2020<\/span><\/div><\/div>\n\t\t\t\t\t<\/div><!--post-content-wrap-->\n\n\t\t\t\t\t<\/div><!--article-content-wrap-->\n\n\t\t\t\t\t\t\t\t\n\t\t<\/div><!--\/post-content-->\n\n\t<\/div><!--\/inner-wrap-->\n\t\t\n<\/article><!--\/article-->\n\t\t\t\t\n\t\t\t\t\n<article id=\"post-3020\" class=\"regular post-3020 post type-post status-publish format-standard has-post-thumbnail category-presentations\">\n\n\t<div class=\"inner-wrap animated\">\n\n\t\t<div class=\"post-content\">\n\t\t\t\n\t\t\t\t\t\t\t  \n\n\t\t\t\t\t <div class=\"article-content-wrap\">\n\t\t\t\t\t\t\n\t\t\t\t\t\t<div class=\"post-featured-img-wrap\"> \n\t\t\t\t\t\t\t\n\t\t\t\t\t\t\t<a href=\"https:\/\/decodem.ces.uc.pt\/?p=3020\"><span class=\"post-featured-img\" style=\"background-image: url(https:\/\/decodem.ces.uc.pt\/wp-content\/uploads\/2020\/07\/poster_Eng_logo-e1594821315523-726x600.jpg);\"><\/span><\/a>\t\t\t\t\t\t\t\n\t\t\t\t\t\t<\/div>\n\t\t\t\t\t\t\n\t\t\t\t\t\t<div class=\"post-content-wrap\"> \n\t\t\t\t\t\t\t\n\t\t\t\t\t\t\t<a class=\"entire-meta-link\" href=\"https:\/\/decodem.ces.uc.pt\/?p=3020\"><\/a>\n\t\t\t\t\t\t\t\n\t\t\t\t\t\t\t<span class=\"meta-category\"><a class=\"presentations\" href=\"https:\/\/decodem.ces.uc.pt\/?cat=16\">Apresenta\u00e7\u00f5es em eventos acad\u00e9micos<\/a><\/span>\t\t\t\t\t\t\n\t\t\t\t\t\t\t<div class=\"post-header\">\n\n\t\t\t\t\t\t\t\t<h3 class=\"title\">\n\t\t\t\t\t\t\t\t\t \n\t\t\t\t\t\t\t\t\t\t<a href=\"https:\/\/decodem.ces.uc.pt\/?p=3020\">\t\t\t\t\t\t\t\t\t\t\tSummer School &#8220;The Past Defining our Future: National Strategies of Memory and Oblivion&#8221;\t\t\t\t\t\t\t\t\t\t  \t\t\t\t\t\t\t\t<\/a> \n\t\t\t\t\t\t\t\t\t\t\t\t\t\t\t\t\t<\/h3>\n\n\t\t\t\t\t\t\t\t\n\t\t\t\t\t\t\t<\/div><!--\/post-header-->\n\t\t\t\t\t\t\t\n\t\t\t\t\t\t\t<div class=\"excerpt\">17th july 2020<\/div><div class=\"grav-wrap\"><a href=\"https:\/\/decodem.ces.uc.pt\/?author=1\"><\/a><div class=\"text\"><a href=\"https:\/\/decodem.ces.uc.pt\/?author=1\" rel=\"author\">decodem<\/a><span>15 de Julho, 2020<\/span><\/div><\/div>\n\t\t\t\t\t<\/div><!--post-content-wrap-->\n\n\t\t\t\t\t<\/div><!--article-content-wrap-->\n\n\t\t\t\t\t\t\t\t\n\t\t<\/div><!--\/post-content-->\n\n\t<\/div><!--\/inner-wrap-->\n\t\t\n<\/article><!--\/article-->\n\t\t\t\t\n\t\t\t\t\n<article id=\"post-2819\" class=\"regular post-2819 post type-post status-publish format-standard has-post-thumbnail category-presentations\">\n\n\t<div class=\"inner-wrap animated\">\n\n\t\t<div class=\"post-content\">\n\t\t\t\n\t\t\t\t\t\t\t  \n\n\t\t\t\t\t <div class=\"article-content-wrap\">\n\t\t\t\t\t\t\n\t\t\t\t\t\t<div class=\"post-featured-img-wrap\"> \n\t\t\t\t\t\t\t\n\t\t\t\t\t\t\t<a href=\"https:\/\/decodem.ces.uc.pt\/?p=2819\"><span class=\"post-featured-img\" style=\"background-image: url(https:\/\/decodem.ces.uc.pt\/wp-content\/uploads\/2020\/04\/XI-Congresso-Portugues-Sociologia.jpg);\"><\/span><\/a>\t\t\t\t\t\t\t\n\t\t\t\t\t\t<\/div>\n\t\t\t\t\t\t\n\t\t\t\t\t\t<div class=\"post-content-wrap\"> \n\t\t\t\t\t\t\t\n\t\t\t\t\t\t\t<a class=\"entire-meta-link\" href=\"https:\/\/decodem.ces.uc.pt\/?p=2819\"><\/a>\n\t\t\t\t\t\t\t\n\t\t\t\t\t\t\t<span class=\"meta-category\"><a class=\"presentations\" href=\"https:\/\/decodem.ces.uc.pt\/?cat=16\">Apresenta\u00e7\u00f5es em eventos acad\u00e9micos<\/a><\/span>\t\t\t\t\t\t\n\t\t\t\t\t\t\t<div class=\"post-header\">\n\n\t\t\t\t\t\t\t\t<h3 class=\"title\">\n\t\t\t\t\t\t\t\t\t \n\t\t\t\t\t\t\t\t\t\t<a href=\"https:\/\/decodem.ces.uc.pt\/?p=2819\">\t\t\t\t\t\t\t\t\t\t\tTop M\u00e3es: representa\u00e7\u00e3o da parentalidade pelas mulheres portuguesas mais populares no Instagram\t\t\t\t\t\t\t\t\t\t  \t\t\t\t\t\t\t\t<\/a> \n\t\t\t\t\t\t\t\t\t\t\t\t\t\t\t\t\t<\/h3>\n\n\t\t\t\t\t\t\t\t\n\t\t\t\t\t\t\t<\/div><!--\/post-header-->\n\t\t\t\t\t\t\t\n\t\t\t\t\t\t\t<div class=\"excerpt\">XI Congresso Portugu\u00eas de Sociologia, March 29th to 31st, 2021<\/div><div class=\"grav-wrap\"><a href=\"https:\/\/decodem.ces.uc.pt\/?author=1\"><\/a><div class=\"text\"><a href=\"https:\/\/decodem.ces.uc.pt\/?author=1\" rel=\"author\">decodem<\/a><span>2 de Abril, 2020<\/span><\/div><\/div>\n\t\t\t\t\t<\/div><!--post-content-wrap-->\n\n\t\t\t\t\t<\/div><!--article-content-wrap-->\n\n\t\t\t\t\t\t\t\t\n\t\t<\/div><!--\/post-content-->\n\n\t<\/div><!--\/inner-wrap-->\n\t\t\n<\/article><!--\/article-->\n\t\t\t\t\n\t\t\t\t\n<article id=\"post-2595\" class=\"regular post-2595 post type-post status-publish format-standard has-post-thumbnail category-presentations\">\n\n\t<div class=\"inner-wrap animated\">\n\n\t\t<div class=\"post-content\">\n\t\t\t\n\t\t\t\t\t\t\t  \n\n\t\t\t\t\t <div class=\"article-content-wrap\">\n\t\t\t\t\t\t\n\t\t\t\t\t\t<div class=\"post-featured-img-wrap\"> \n\t\t\t\t\t\t\t\n\t\t\t\t\t\t\t<a href=\"https:\/\/decodem.ces.uc.pt\/?p=2595\"><span class=\"post-featured-img\" style=\"background-image: url(https:\/\/decodem.ces.uc.pt\/wp-content\/uploads\/2020\/02\/Image-17-02-2020-at-12.12-900x600.jpg);\"><\/span><\/a>\t\t\t\t\t\t\t\n\t\t\t\t\t\t<\/div>\n\t\t\t\t\t\t\n\t\t\t\t\t\t<div class=\"post-content-wrap\"> \n\t\t\t\t\t\t\t\n\t\t\t\t\t\t\t<a class=\"entire-meta-link\" href=\"https:\/\/decodem.ces.uc.pt\/?p=2595\"><\/a>\n\t\t\t\t\t\t\t\n\t\t\t\t\t\t\t<span class=\"meta-category\"><a class=\"presentations\" href=\"https:\/\/decodem.ces.uc.pt\/?cat=16\">Apresenta\u00e7\u00f5es em eventos acad\u00e9micos<\/a><\/span>\t\t\t\t\t\t\n\t\t\t\t\t\t\t<div class=\"post-header\">\n\n\t\t\t\t\t\t\t\t<h3 class=\"title\">\n\t\t\t\t\t\t\t\t\t \n\t\t\t\t\t\t\t\t\t\t<a href=\"https:\/\/decodem.ces.uc.pt\/?p=2595\">\t\t\t\t\t\t\t\t\t\t\tFrom &#8216;The Big Bang Theory&#8217; to &#8216;Modern Family&#8217;: hybrid masculinities and the need for critical media literacy for gender equality\t\t\t\t\t\t\t\t\t\t  \t\t\t\t\t\t\t\t<\/a> \n\t\t\t\t\t\t\t\t\t\t\t\t\t\t\t\t\t<\/h3>\n\n\t\t\t\t\t\t\t\t\n\t\t\t\t\t\t\t<\/div><!--\/post-header-->\n\t\t\t\t\t\t\t\n\t\t\t\t\t\t\t<div class=\"excerpt\">3rd International Media Literacy Research\u00a0Symposium. CANCELLED.<\/div><div class=\"grav-wrap\"><a href=\"https:\/\/decodem.ces.uc.pt\/?author=1\"><\/a><div class=\"text\"><a href=\"https:\/\/decodem.ces.uc.pt\/?author=1\" rel=\"author\">decodem<\/a><span>17 de Mar\u00e7o, 2020<\/span><\/div><\/div>\n\t\t\t\t\t<\/div><!--post-content-wrap-->\n\n\t\t\t\t\t<\/div><!--article-content-wrap-->\n\n\t\t\t\t\t\t\t\t\n\t\t<\/div><!--\/post-content-->\n\n\t<\/div><!--\/inner-wrap-->\n\t\t\n<\/article><!--\/article-->\n\t\t\t\t\n\t\t\t\t\n<article id=\"post-2622\" class=\"regular post-2622 post type-post status-publish format-standard has-post-thumbnail category-presentations\">\n\n\t<div class=\"inner-wrap animated\">\n\n\t\t<div class=\"post-content\">\n\t\t\t\n\t\t\t\t\t\t\t  \n\n\t\t\t\t\t <div class=\"article-content-wrap\">\n\t\t\t\t\t\t\n\t\t\t\t\t\t<div class=\"post-featured-img-wrap\"> \n\t\t\t\t\t\t\t\n\t\t\t\t\t\t\t<a href=\"https:\/\/decodem.ces.uc.pt\/?p=2622\"><span class=\"post-featured-img\" style=\"background-image: url(https:\/\/decodem.ces.uc.pt\/wp-content\/uploads\/2020\/02\/87185547_1268521603346517_70134831668789248_n-900x600.png);\"><\/span><\/a>\t\t\t\t\t\t\t\n\t\t\t\t\t\t<\/div>\n\t\t\t\t\t\t\n\t\t\t\t\t\t<div class=\"post-content-wrap\"> \n\t\t\t\t\t\t\t\n\t\t\t\t\t\t\t<a class=\"entire-meta-link\" href=\"https:\/\/decodem.ces.uc.pt\/?p=2622\"><\/a>\n\t\t\t\t\t\t\t\n\t\t\t\t\t\t\t<span class=\"meta-category\"><a class=\"presentations\" href=\"https:\/\/decodem.ces.uc.pt\/?cat=16\">Apresenta\u00e7\u00f5es em eventos acad\u00e9micos<\/a><\/span>\t\t\t\t\t\t\n\t\t\t\t\t\t\t<div class=\"post-header\">\n\n\t\t\t\t\t\t\t\t<h3 class=\"title\">\n\t\t\t\t\t\t\t\t\t \n\t\t\t\t\t\t\t\t\t\t<a href=\"https:\/\/decodem.ces.uc.pt\/?p=2622\">\t\t\t\t\t\t\t\t\t\t\tA Bolha da Masculinidade\t\t\t\t\t\t\t\t\t\t  \t\t\t\t\t\t\t\t<\/a> \n\t\t\t\t\t\t\t\t\t\t\t\t\t\t\t\t\t<\/h3>\n\n\t\t\t\t\t\t\t\t\n\t\t\t\t\t\t\t<\/div><!--\/post-header-->\n\t\t\t\t\t\t\t\n\t\t\t\t\t\t\t<div class=\"excerpt\">Conference, 26 February 2020, Faculty of Economics, University of Coimbra<\/div><div class=\"grav-wrap\"><a href=\"https:\/\/decodem.ces.uc.pt\/?author=1\"><\/a><div class=\"text\"><a href=\"https:\/\/decodem.ces.uc.pt\/?author=1\" rel=\"author\">decodem<\/a><span>20 de Fevereiro, 2020<\/span><\/div><\/div>\n\t\t\t\t\t<\/div><!--post-content-wrap-->\n\n\t\t\t\t\t<\/div><!--article-content-wrap-->\n\n\t\t\t\t\t\t\t\t\n\t\t<\/div><!--\/post-content-->\n\n\t<\/div><!--\/inner-wrap-->\n\t\t\n<\/article><!--\/article-->\n\t\t\t\t\n\t\t\t\t\n<article id=\"post-2467\" class=\"regular post-2467 post type-post status-publish format-standard has-post-thumbnail category-presentations\">\n\n\t<div class=\"inner-wrap animated\">\n\n\t\t<div class=\"post-content\">\n\t\t\t\n\t\t\t\t\t\t\t  \n\n\t\t\t\t\t <div class=\"article-content-wrap\">\n\t\t\t\t\t\t\n\t\t\t\t\t\t<div class=\"post-featured-img-wrap\"> \n\t\t\t\t\t\t\t\n\t\t\t\t\t\t\t<a href=\"https:\/\/decodem.ces.uc.pt\/?p=2467\"><span class=\"post-featured-img\" style=\"background-image: url(https:\/\/decodem.ces.uc.pt\/wp-content\/uploads\/2020\/01\/26404_cartaz_-_I_Intersectional_Conference_2020_final_-_web-blackwhite-842x600.jpg);\"><\/span><\/a>\t\t\t\t\t\t\t\n\t\t\t\t\t\t<\/div>\n\t\t\t\t\t\t\n\t\t\t\t\t\t<div class=\"post-content-wrap\"> \n\t\t\t\t\t\t\t\n\t\t\t\t\t\t\t<a class=\"entire-meta-link\" href=\"https:\/\/decodem.ces.uc.pt\/?p=2467\"><\/a>\n\t\t\t\t\t\t\t\n\t\t\t\t\t\t\t<span class=\"meta-category\"><a class=\"presentations\" href=\"https:\/\/decodem.ces.uc.pt\/?cat=16\">Apresenta\u00e7\u00f5es em eventos acad\u00e9micos<\/a><\/span>\t\t\t\t\t\t\n\t\t\t\t\t\t\t<div class=\"post-header\">\n\n\t\t\t\t\t\t\t\t<h3 class=\"title\">\n\t\t\t\t\t\t\t\t\t \n\t\t\t\t\t\t\t\t\t\t<a href=\"https:\/\/decodem.ces.uc.pt\/?p=2467\">\t\t\t\t\t\t\t\t\t\t\tI Intersectional Conference 2020 &#8211; Encarceramento e Sociedade\t\t\t\t\t\t\t\t\t\t  \t\t\t\t\t\t\t\t<\/a> \n\t\t\t\t\t\t\t\t\t\t\t\t\t\t\t\t\t<\/h3>\n\n\t\t\t\t\t\t\t\t\n\t\t\t\t\t\t\t<\/div><!--\/post-header-->\n\t\t\t\t\t\t\t\n\t\t\t\t\t\t\t<div class=\"excerpt\">29 a 31 de janeiro de 2020 - Faculdade de Letras da Universidade de Coimbra<\/div><div class=\"grav-wrap\"><a href=\"https:\/\/decodem.ces.uc.pt\/?author=1\"><\/a><div class=\"text\"><a href=\"https:\/\/decodem.ces.uc.pt\/?author=1\" rel=\"author\">decodem<\/a><span>7 de Janeiro, 2020<\/span><\/div><\/div>\n\t\t\t\t\t<\/div><!--post-content-wrap-->\n\n\t\t\t\t\t<\/div><!--article-content-wrap-->\n\n\t\t\t\t\t\t\t\t\n\t\t<\/div><!--\/post-content-->\n\n\t<\/div><!--\/inner-wrap-->\n\t\t\n<\/article><!--\/article-->\n\t\t\t\t\n\t\t\t\t\n<article id=\"post-2454\" class=\"regular post-2454 post type-post status-publish format-standard has-post-thumbnail category-presentations\">\n\n\t<div class=\"inner-wrap animated\">\n\n\t\t<div class=\"post-content\">\n\t\t\t\n\t\t\t\t\t\t\t  \n\n\t\t\t\t\t <div class=\"article-content-wrap\">\n\t\t\t\t\t\t\n\t\t\t\t\t\t<div class=\"post-featured-img-wrap\"> \n\t\t\t\t\t\t\t\n\t\t\t\t\t\t\t<a href=\"https:\/\/decodem.ces.uc.pt\/?p=2454\"><span class=\"post-featured-img\" style=\"background-image: url(https:\/\/decodem.ces.uc.pt\/wp-content\/uploads\/2019\/12\/27153_cartaz_-_Ideologia_de_genero_-_web-842x600.jpg);\"><\/span><\/a>\t\t\t\t\t\t\t\n\t\t\t\t\t\t<\/div>\n\t\t\t\t\t\t\n\t\t\t\t\t\t<div class=\"post-content-wrap\"> \n\t\t\t\t\t\t\t\n\t\t\t\t\t\t\t<a class=\"entire-meta-link\" href=\"https:\/\/decodem.ces.uc.pt\/?p=2454\"><\/a>\n\t\t\t\t\t\t\t\n\t\t\t\t\t\t\t<span class=\"meta-category\"><a class=\"presentations\" href=\"https:\/\/decodem.ces.uc.pt\/?cat=16\">Apresenta\u00e7\u00f5es em eventos acad\u00e9micos<\/a><\/span>\t\t\t\t\t\t\n\t\t\t\t\t\t\t<div class=\"post-header\">\n\n\t\t\t\t\t\t\t\t<h3 class=\"title\">\n\t\t\t\t\t\t\t\t\t \n\t\t\t\t\t\t\t\t\t\t<a href=\"https:\/\/decodem.ces.uc.pt\/?p=2454\">\t\t\t\t\t\t\t\t\t\t\tIdeologia de g\u00e9nero no Brasil: eventos precursores e desdobramentos\t\t\t\t\t\t\t\t\t\t  \t\t\t\t\t\t\t\t<\/a> \n\t\t\t\t\t\t\t\t\t\t\t\t\t\t\t\t\t<\/h3>\n\n\t\t\t\t\t\t\t\t\n\t\t\t\t\t\t\t<\/div><!--\/post-header-->\n\t\t\t\t\t\t\t\n\t\t\t\t\t\t\t<div class=\"excerpt\">9 de janeiro de 2020, CES | Alta<\/div><div class=\"grav-wrap\"><a href=\"https:\/\/decodem.ces.uc.pt\/?author=1\"><\/a><div class=\"text\"><a href=\"https:\/\/decodem.ces.uc.pt\/?author=1\" rel=\"author\">decodem<\/a><span>19 de Dezembro, 2019<\/span><\/div><\/div>\n\t\t\t\t\t<\/div><!--post-content-wrap-->\n\n\t\t\t\t\t<\/div><!--article-content-wrap-->\n\n\t\t\t\t\t\t\t\t\n\t\t<\/div><!--\/post-content-->\n\n\t<\/div><!--\/inner-wrap-->\n\t\t\n<\/article><!--\/article-->\n\t\t\t\t\n\t\t\t\t\n<article id=\"post-2434\" class=\"regular post-2434 post type-post status-publish format-standard has-post-thumbnail category-presentations\">\n\n\t<div class=\"inner-wrap animated\">\n\n\t\t<div class=\"post-content\">\n\t\t\t\n\t\t\t\t\t\t\t  \n\n\t\t\t\t\t <div class=\"article-content-wrap\">\n\t\t\t\t\t\t\n\t\t\t\t\t\t<div class=\"post-featured-img-wrap\"> \n\t\t\t\t\t\t\t\n\t\t\t\t\t\t\t<a href=\"https:\/\/decodem.ces.uc.pt\/?p=2434\"><span class=\"post-featured-img\" style=\"background-image: url(https:\/\/decodem.ces.uc.pt\/wp-content\/uploads\/2019\/12\/escolas-feministas-869x600.jpg);\"><\/span><\/a>\t\t\t\t\t\t\t\n\t\t\t\t\t\t<\/div>\n\t\t\t\t\t\t\n\t\t\t\t\t\t<div class=\"post-content-wrap\"> \n\t\t\t\t\t\t\t\n\t\t\t\t\t\t\t<a class=\"entire-meta-link\" href=\"https:\/\/decodem.ces.uc.pt\/?p=2434\"><\/a>\n\t\t\t\t\t\t\t\n\t\t\t\t\t\t\t<span class=\"meta-category\"><a class=\"presentations\" href=\"https:\/\/decodem.ces.uc.pt\/?cat=16\">Apresenta\u00e7\u00f5es em eventos acad\u00e9micos<\/a><\/span>\t\t\t\t\t\t\n\t\t\t\t\t\t\t<div class=\"post-header\">\n\n\t\t\t\t\t\t\t\t<h3 class=\"title\">\n\t\t\t\t\t\t\t\t\t \n\t\t\t\t\t\t\t\t\t\t<a href=\"https:\/\/decodem.ces.uc.pt\/?p=2434\">\t\t\t\t\t\t\t\t\t\t\tWinter School on Feminist Ecologies of Knowledges II &#8211; Knowledges and practices for C[are]tizenship\t\t\t\t\t\t\t\t\t\t  \t\t\t\t\t\t\t\t<\/a> \n\t\t\t\t\t\t\t\t\t\t\t\t\t\t\t\t\t<\/h3>\n\n\t\t\t\t\t\t\t\t\n\t\t\t\t\t\t\t<\/div><!--\/post-header-->\n\t\t\t\t\t\t\t\n\t\t\t\t\t\t\t<div class=\"excerpt\">27 a 31 de janeiro de 2020 - CES-Sofia<\/div><div class=\"grav-wrap\"><a href=\"https:\/\/decodem.ces.uc.pt\/?author=1\"><\/a><div class=\"text\"><a href=\"https:\/\/decodem.ces.uc.pt\/?author=1\" rel=\"author\">decodem<\/a><span>12 de Dezembro, 2019<\/span><\/div><\/div>\n\t\t\t\t\t<\/div><!--post-content-wrap-->\n\n\t\t\t\t\t<\/div><!--article-content-wrap-->\n\n\t\t\t\t\t\t\t\t\n\t\t<\/div><!--\/post-content-->\n\n\t<\/div><!--\/inner-wrap-->\n\t\t\n<\/article><!--\/article-->\n\t\t\t\t\n\t\t\t\t\n<article id=\"post-2628\" class=\"regular post-2628 post type-post status-publish format-standard has-post-thumbnail category-presentations\">\n\n\t<div class=\"inner-wrap animated\">\n\n\t\t<div class=\"post-content\">\n\t\t\t\n\t\t\t\t\t\t\t  \n\n\t\t\t\t\t <div class=\"article-content-wrap\">\n\t\t\t\t\t\t\n\t\t\t\t\t\t<div class=\"post-featured-img-wrap\"> \n\t\t\t\t\t\t\t\n\t\t\t\t\t\t\t<a href=\"https:\/\/decodem.ces.uc.pt\/?p=2628\"><span class=\"post-featured-img\" style=\"background-image: url(https:\/\/decodem.ces.uc.pt\/wp-content\/uploads\/2020\/03\/2019-05-24-00-08-45-84673-900x486.png);\"><\/span><\/a>\t\t\t\t\t\t\t\n\t\t\t\t\t\t<\/div>\n\t\t\t\t\t\t\n\t\t\t\t\t\t<div class=\"post-content-wrap\"> \n\t\t\t\t\t\t\t\n\t\t\t\t\t\t\t<a class=\"entire-meta-link\" href=\"https:\/\/decodem.ces.uc.pt\/?p=2628\"><\/a>\n\t\t\t\t\t\t\t\n\t\t\t\t\t\t\t<span class=\"meta-category\"><a class=\"presentations\" href=\"https:\/\/decodem.ces.uc.pt\/?cat=16\">Apresenta\u00e7\u00f5es em eventos acad\u00e9micos<\/a><\/span>\t\t\t\t\t\t\n\t\t\t\t\t\t\t<div class=\"post-header\">\n\n\t\t\t\t\t\t\t\t<h3 class=\"title\">\n\t\t\t\t\t\t\t\t\t \n\t\t\t\t\t\t\t\t\t\t<a href=\"https:\/\/decodem.ces.uc.pt\/?p=2628\">\t\t\t\t\t\t\t\t\t\t\t&#8220;Discourses on Men and Masculinities: Stereotypes and Hybridity within Portuguese-speaking Online Social Media&#8221;\t\t\t\t\t\t\t\t\t\t  \t\t\t\t\t\t\t\t<\/a> \n\t\t\t\t\t\t\t\t\t\t\t\t\t\t\t\t\t<\/h3>\n\n\t\t\t\t\t\t\t\t\n\t\t\t\t\t\t\t<\/div><!--\/post-header-->\n\t\t\t\t\t\t\t\n\t\t\t\t\t\t\t<div class=\"excerpt\">IPSA\u00a0World Congress 2020, July 10th to 15th, 2021<\/div><div class=\"grav-wrap\"><a href=\"https:\/\/decodem.ces.uc.pt\/?author=1\"><\/a><div class=\"text\"><a href=\"https:\/\/decodem.ces.uc.pt\/?author=1\" rel=\"author\">decodem<\/a><span>12 de Dezembro, 2019<\/span><\/div><\/div>\n\t\t\t\t\t<\/div><!--post-content-wrap-->\n\n\t\t\t\t\t<\/div><!--article-content-wrap-->\n\n\t\t\t\t\t\t\t\t\n\t\t<\/div><!--\/post-content-->\n\n\t<\/div><!--\/inner-wrap-->\n\t\t\n<\/article><!--\/article-->\n\t\t\t\t\n\t\t\t\t\n<article id=\"post-2926\" class=\"regular post-2926 post type-post status-publish format-standard has-post-thumbnail category-presentations\">\n\n\t<div class=\"inner-wrap animated\">\n\n\t\t<div class=\"post-content\">\n\t\t\t\n\t\t\t\t\t\t\t  \n\n\t\t\t\t\t <div class=\"article-content-wrap\">\n\t\t\t\t\t\t\n\t\t\t\t\t\t<div class=\"post-featured-img-wrap\"> \n\t\t\t\t\t\t\t\n\t\t\t\t\t\t\t<a href=\"https:\/\/decodem.ces.uc.pt\/?p=2926\"><span class=\"post-featured-img\" style=\"background-image: url(https:\/\/decodem.ces.uc.pt\/wp-content\/uploads\/2020\/04\/LOGO-1024x784-900x600.jpg);\"><\/span><\/a>\t\t\t\t\t\t\t\n\t\t\t\t\t\t<\/div>\n\t\t\t\t\t\t\n\t\t\t\t\t\t<div class=\"post-content-wrap\"> \n\t\t\t\t\t\t\t\n\t\t\t\t\t\t\t<a class=\"entire-meta-link\" href=\"https:\/\/decodem.ces.uc.pt\/?p=2926\"><\/a>\n\t\t\t\t\t\t\t\n\t\t\t\t\t\t\t<span class=\"meta-category\"><a class=\"presentations\" href=\"https:\/\/decodem.ces.uc.pt\/?cat=16\">Apresenta\u00e7\u00f5es em eventos acad\u00e9micos<\/a><\/span>\t\t\t\t\t\t\n\t\t\t\t\t\t\t<div class=\"post-header\">\n\n\t\t\t\t\t\t\t\t<h3 class=\"title\">\n\t\t\t\t\t\t\t\t\t \n\t\t\t\t\t\t\t\t\t\t<a href=\"https:\/\/decodem.ces.uc.pt\/?p=2926\">\t\t\t\t\t\t\t\t\t\t\tTwitter activism on femicide: Networking feminist issues and collective actions\t\t\t\t\t\t\t\t\t\t  \t\t\t\t\t\t\t\t<\/a> \n\t\t\t\t\t\t\t\t\t\t\t\t\t\t\t\t\t<\/h3>\n\n\t\t\t\t\t\t\t\t\n\t\t\t\t\t\t\t<\/div><!--\/post-header-->\n\t\t\t\t\t\t\t\n\t\t\t\t\t\t\t<div class=\"excerpt\">8th European Communication Conference, September 6th to 9th, 2021<\/div><div class=\"grav-wrap\"><a href=\"https:\/\/decodem.ces.uc.pt\/?author=1\"><\/a><div class=\"text\"><a href=\"https:\/\/decodem.ces.uc.pt\/?author=1\" rel=\"author\">decodem<\/a><span>10 de Dezembro, 2019<\/span><\/div><\/div>\n\t\t\t\t\t<\/div><!--post-content-wrap-->\n\n\t\t\t\t\t<\/div><!--article-content-wrap-->\n\n\t\t\t\t\t\t\t\t\n\t\t<\/div><!--\/post-content-->\n\n\t<\/div><!--\/inner-wrap-->\n\t\t\n<\/article><!--\/article-->\n\t\t\t\t\n\t\t\t\t\n<article id=\"post-2400\" class=\"regular post-2400 post type-post status-publish format-standard has-post-thumbnail category-presentations\">\n\n\t<div class=\"inner-wrap animated\">\n\n\t\t<div class=\"post-content\">\n\t\t\t\n\t\t\t\t\t\t\t  \n\n\t\t\t\t\t <div class=\"article-content-wrap\">\n\t\t\t\t\t\t\n\t\t\t\t\t\t<div class=\"post-featured-img-wrap\"> \n\t\t\t\t\t\t\t\n\t\t\t\t\t\t\t<a href=\"https:\/\/decodem.ces.uc.pt\/?p=2400\"><span class=\"post-featured-img\" style=\"background-image: url(https:\/\/decodem.ces.uc.pt\/wp-content\/uploads\/2019\/12\/26795_cartaz_equi-x-blackwhite-900x600.png);\"><\/span><\/a>\t\t\t\t\t\t\t\n\t\t\t\t\t\t<\/div>\n\t\t\t\t\t\t\n\t\t\t\t\t\t<div class=\"post-content-wrap\"> \n\t\t\t\t\t\t\t\n\t\t\t\t\t\t\t<a class=\"entire-meta-link\" href=\"https:\/\/decodem.ces.uc.pt\/?p=2400\"><\/a>\n\t\t\t\t\t\t\t\n\t\t\t\t\t\t\t<span class=\"meta-category\"><a class=\"presentations\" href=\"https:\/\/decodem.ces.uc.pt\/?cat=16\">Apresenta\u00e7\u00f5es em eventos acad\u00e9micos<\/a><\/span>\t\t\t\t\t\t\n\t\t\t\t\t\t\t<div class=\"post-header\">\n\n\t\t\t\t\t\t\t\t<h3 class=\"title\">\n\t\t\t\t\t\t\t\t\t \n\t\t\t\t\t\t\t\t\t\t<a href=\"https:\/\/decodem.ces.uc.pt\/?p=2400\">\t\t\t\t\t\t\t\t\t\t\tLan\u00e7amento e Apresenta\u00e7\u00e3o P\u00fablica Do Manual Nacional EQUI-X\t\t\t\t\t\t\t\t\t\t  \t\t\t\t\t\t\t\t<\/a> \n\t\t\t\t\t\t\t\t\t\t\t\t\t\t\t\t\t<\/h3>\n\n\t\t\t\t\t\t\t\t\n\t\t\t\t\t\t\t<\/div><!--\/post-header-->\n\t\t\t\t\t\t\t\n\t\t\t\t\t\t\t<div class=\"excerpt\">13 December 2019, 17h00 - Centro de Informa\u00e7\u00e3o Urbana de Lisboa (CIUL)<\/div><div class=\"grav-wrap\"><a href=\"https:\/\/decodem.ces.uc.pt\/?author=1\"><\/a><div class=\"text\"><a href=\"https:\/\/decodem.ces.uc.pt\/?author=1\" rel=\"author\">decodem<\/a><span>10 de Dezembro, 2019<\/span><\/div><\/div>\n\t\t\t\t\t<\/div><!--post-content-wrap-->\n\n\t\t\t\t\t<\/div><!--article-content-wrap-->\n\n\t\t\t\t\t\t\t\t\n\t\t<\/div><!--\/post-content-->\n\n\t<\/div><!--\/inner-wrap-->\n\t\t\n<\/article><!--\/article-->\n\t\t\t\t\n\t\t\t\t\n<article id=\"post-2392\" class=\"regular post-2392 post type-post status-publish format-standard has-post-thumbnail category-presentations\">\n\n\t<div class=\"inner-wrap animated\">\n\n\t\t<div class=\"post-content\">\n\t\t\t\n\t\t\t\t\t\t\t  \n\n\t\t\t\t\t <div class=\"article-content-wrap\">\n\t\t\t\t\t\t\n\t\t\t\t\t\t<div class=\"post-featured-img-wrap\"> \n\t\t\t\t\t\t\t\n\t\t\t\t\t\t\t<a href=\"https:\/\/decodem.ces.uc.pt\/?p=2392\"><span class=\"post-featured-img\" style=\"background-image: url(https:\/\/decodem.ces.uc.pt\/wp-content\/uploads\/2019\/12\/26797_MenEngage-Alliance-blackwhite-900x600.jpg);\"><\/span><\/a>\t\t\t\t\t\t\t\n\t\t\t\t\t\t<\/div>\n\t\t\t\t\t\t\n\t\t\t\t\t\t<div class=\"post-content-wrap\"> \n\t\t\t\t\t\t\t\n\t\t\t\t\t\t\t<a class=\"entire-meta-link\" href=\"https:\/\/decodem.ces.uc.pt\/?p=2392\"><\/a>\n\t\t\t\t\t\t\t\n\t\t\t\t\t\t\t<span class=\"meta-category\"><a class=\"presentations\" href=\"https:\/\/decodem.ces.uc.pt\/?cat=16\">Apresenta\u00e7\u00f5es em eventos acad\u00e9micos<\/a><\/span>\t\t\t\t\t\t\n\t\t\t\t\t\t\t<div class=\"post-header\">\n\n\t\t\t\t\t\t\t\t<h3 class=\"title\">\n\t\t\t\t\t\t\t\t\t \n\t\t\t\t\t\t\t\t\t\t<a href=\"https:\/\/decodem.ces.uc.pt\/?p=2392\">\t\t\t\t\t\t\t\t\t\t\tMasculinidades e Igualdade: estrat\u00e9gias, redes e desafios\t\t\t\t\t\t\t\t\t\t  \t\t\t\t\t\t\t\t<\/a> \n\t\t\t\t\t\t\t\t\t\t\t\t\t\t\t\t\t<\/h3>\n\n\t\t\t\t\t\t\t\t\n\t\t\t\t\t\t\t<\/div><!--\/post-header-->\n\t\t\t\t\t\t\t\n\t\t\t\t\t\t\t<div class=\"excerpt\">13 December 2019, 15h00 - Centro de Informa\u00e7\u00e3o Urbana de Lisboa (CIUL)<\/div><div class=\"grav-wrap\"><a href=\"https:\/\/decodem.ces.uc.pt\/?author=1\"><\/a><div class=\"text\"><a href=\"https:\/\/decodem.ces.uc.pt\/?author=1\" rel=\"author\">decodem<\/a><span>10 de Dezembro, 2019<\/span><\/div><\/div>\n\t\t\t\t\t<\/div><!--post-content-wrap-->\n\n\t\t\t\t\t<\/div><!--article-content-wrap-->\n\n\t\t\t\t\t\t\t\t\n\t\t<\/div><!--\/post-content-->\n\n\t<\/div><!--\/inner-wrap-->\n\t\t\n<\/article><!--\/article-->\n\t\t\t\t\n\t\t\t\t\n<article id=\"post-2808\" class=\"regular post-2808 post type-post status-publish format-standard has-post-thumbnail category-presentations\">\n\n\t<div class=\"inner-wrap animated\">\n\n\t\t<div class=\"post-content\">\n\t\t\t\n\t\t\t\t\t\t\t  \n\n\t\t\t\t\t <div class=\"article-content-wrap\">\n\t\t\t\t\t\t\n\t\t\t\t\t\t<div class=\"post-featured-img-wrap\"> \n\t\t\t\t\t\t\t\n\t\t\t\t\t\t\t<a href=\"https:\/\/decodem.ces.uc.pt\/?p=2808\"><span class=\"post-featured-img\" style=\"background-image: url(https:\/\/decodem.ces.uc.pt\/wp-content\/uploads\/2020\/04\/LOGO-1024x784-900x600.jpg);\"><\/span><\/a>\t\t\t\t\t\t\t\n\t\t\t\t\t\t<\/div>\n\t\t\t\t\t\t\n\t\t\t\t\t\t<div class=\"post-content-wrap\"> \n\t\t\t\t\t\t\t\n\t\t\t\t\t\t\t<a class=\"entire-meta-link\" href=\"https:\/\/decodem.ces.uc.pt\/?p=2808\"><\/a>\n\t\t\t\t\t\t\t\n\t\t\t\t\t\t\t<span class=\"meta-category\"><a class=\"presentations\" href=\"https:\/\/decodem.ces.uc.pt\/?cat=16\">Apresenta\u00e7\u00f5es em eventos acad\u00e9micos<\/a><\/span>\t\t\t\t\t\t\n\t\t\t\t\t\t\t<div class=\"post-header\">\n\n\t\t\t\t\t\t\t\t<h3 class=\"title\">\n\t\t\t\t\t\t\t\t\t \n\t\t\t\t\t\t\t\t\t\t<a href=\"https:\/\/decodem.ces.uc.pt\/?p=2808\">\t\t\t\t\t\t\t\t\t\t\tHybridity and digital masculinities: Exploring intergenerational collective narratives on Instagram\t\t\t\t\t\t\t\t\t\t  \t\t\t\t\t\t\t\t<\/a> \n\t\t\t\t\t\t\t\t\t\t\t\t\t\t\t\t\t<\/h3>\n\n\t\t\t\t\t\t\t\t\n\t\t\t\t\t\t\t<\/div><!--\/post-header-->\n\t\t\t\t\t\t\t\n\t\t\t\t\t\t\t<div class=\"excerpt\">8th European Communication Conference - Braga, Portugal POSTPONED UNTIL 2021<\/div><div class=\"grav-wrap\"><a href=\"https:\/\/decodem.ces.uc.pt\/?author=1\"><\/a><div class=\"text\"><a href=\"https:\/\/decodem.ces.uc.pt\/?author=1\" rel=\"author\">decodem<\/a><span>10 de Dezembro, 2019<\/span><\/div><\/div>\n\t\t\t\t\t<\/div><!--post-content-wrap-->\n\n\t\t\t\t\t<\/div><!--article-content-wrap-->\n\n\t\t\t\t\t\t\t\t\n\t\t<\/div><!--\/post-content-->\n\n\t<\/div><!--\/inner-wrap-->\n\t\t\n<\/article><!--\/article-->\n\t\t\t\t\n\t\t\t\t\n<article id=\"post-2381\" class=\"regular post-2381 post type-post status-publish format-standard has-post-thumbnail category-presentations\">\n\n\t<div class=\"inner-wrap animated\">\n\n\t\t<div class=\"post-content\">\n\t\t\t\n\t\t\t\t\t\t\t  \n\n\t\t\t\t\t <div class=\"article-content-wrap\">\n\t\t\t\t\t\t\n\t\t\t\t\t\t<div class=\"post-featured-img-wrap\"> \n\t\t\t\t\t\t\t\n\t\t\t\t\t\t\t<a href=\"https:\/\/decodem.ces.uc.pt\/?p=2381\"><span class=\"post-featured-img\" style=\"background-image: url(https:\/\/decodem.ces.uc.pt\/wp-content\/uploads\/2019\/11\/WhatsApp-Image-2019-10-22-at-12.28.04-blackwhite-900x600.jpeg);\"><\/span><\/a>\t\t\t\t\t\t\t\n\t\t\t\t\t\t<\/div>\n\t\t\t\t\t\t\n\t\t\t\t\t\t<div class=\"post-content-wrap\"> \n\t\t\t\t\t\t\t\n\t\t\t\t\t\t\t<a class=\"entire-meta-link\" href=\"https:\/\/decodem.ces.uc.pt\/?p=2381\"><\/a>\n\t\t\t\t\t\t\t\n\t\t\t\t\t\t\t<span class=\"meta-category\"><a class=\"presentations\" href=\"https:\/\/decodem.ces.uc.pt\/?cat=16\">Apresenta\u00e7\u00f5es em eventos acad\u00e9micos<\/a><\/span>\t\t\t\t\t\t\n\t\t\t\t\t\t\t<div class=\"post-header\">\n\n\t\t\t\t\t\t\t\t<h3 class=\"title\">\n\t\t\t\t\t\t\t\t\t \n\t\t\t\t\t\t\t\t\t\t<a href=\"https:\/\/decodem.ces.uc.pt\/?p=2381\">\t\t\t\t\t\t\t\t\t\t\tReligious columnists in Portuguese mainstream media\t\t\t\t\t\t\t\t\t\t  \t\t\t\t\t\t\t\t<\/a> \n\t\t\t\t\t\t\t\t\t\t\t\t\t\t\t\t\t<\/h3>\n\n\t\t\t\t\t\t\t\t\n\t\t\t\t\t\t\t<\/div><!--\/post-header-->\n\t\t\t\t\t\t\t\n\t\t\t\t\t\t\t<div class=\"excerpt\">4 December 2019 Bergamo, Italy<\/div><div class=\"grav-wrap\"><a href=\"https:\/\/decodem.ces.uc.pt\/?author=1\"><\/a><div class=\"text\"><a href=\"https:\/\/decodem.ces.uc.pt\/?author=1\" rel=\"author\">decodem<\/a><span>27 de Novembro, 2019<\/span><\/div><\/div>\n\t\t\t\t\t<\/div><!--post-content-wrap-->\n\n\t\t\t\t\t<\/div><!--article-content-wrap-->\n\n\t\t\t\t\t\t\t\t\n\t\t<\/div><!--\/post-content-->\n\n\t<\/div><!--\/inner-wrap-->\n\t\t\n<\/article><!--\/article-->\n\t\t\t\t\n\t\t\t\t\n<article id=\"post-2372\" class=\"regular post-2372 post type-post status-publish format-standard has-post-thumbnail category-presentations\">\n\n\t<div class=\"inner-wrap animated\">\n\n\t\t<div class=\"post-content\">\n\t\t\t\n\t\t\t\t\t\t\t  \n\n\t\t\t\t\t <div class=\"article-content-wrap\">\n\t\t\t\t\t\t\n\t\t\t\t\t\t<div class=\"post-featured-img-wrap\"> \n\t\t\t\t\t\t\t\n\t\t\t\t\t\t\t<a href=\"https:\/\/decodem.ces.uc.pt\/?p=2372\"><span class=\"post-featured-img\" style=\"background-image: url(https:\/\/decodem.ces.uc.pt\/wp-content\/uploads\/2019\/11\/76260740_2438188536420542_838963518437851136_n-e1574870950321-blackwhite-900x404.png);\"><\/span><\/a>\t\t\t\t\t\t\t\n\t\t\t\t\t\t<\/div>\n\t\t\t\t\t\t\n\t\t\t\t\t\t<div class=\"post-content-wrap\"> \n\t\t\t\t\t\t\t\n\t\t\t\t\t\t\t<a class=\"entire-meta-link\" href=\"https:\/\/decodem.ces.uc.pt\/?p=2372\"><\/a>\n\t\t\t\t\t\t\t\n\t\t\t\t\t\t\t<span class=\"meta-category\"><a class=\"presentations\" href=\"https:\/\/decodem.ces.uc.pt\/?cat=16\">Apresenta\u00e7\u00f5es em eventos acad\u00e9micos<\/a><\/span>\t\t\t\t\t\t\n\t\t\t\t\t\t\t<div class=\"post-header\">\n\n\t\t\t\t\t\t\t\t<h3 class=\"title\">\n\t\t\t\t\t\t\t\t\t \n\t\t\t\t\t\t\t\t\t\t<a href=\"https:\/\/decodem.ces.uc.pt\/?p=2372\">\t\t\t\t\t\t\t\t\t\t\tDeconstructing online gender representations: Populism and masculinities in the 2019 elections in Portugal\t\t\t\t\t\t\t\t\t\t  \t\t\t\t\t\t\t\t<\/a> \n\t\t\t\t\t\t\t\t\t\t\t\t\t\t\t\t\t<\/h3>\n\n\t\t\t\t\t\t\t\t\n\t\t\t\t\t\t\t<\/div><!--\/post-header-->\n\t\t\t\t\t\t\t\n\t\t\t\t\t\t\t<div class=\"excerpt\">29 November 2019 University of Malmo<\/div><div class=\"grav-wrap\"><a href=\"https:\/\/decodem.ces.uc.pt\/?author=1\"><\/a><div class=\"text\"><a href=\"https:\/\/decodem.ces.uc.pt\/?author=1\" rel=\"author\">decodem<\/a><span>27 de Novembro, 2019<\/span><\/div><\/div>\n\t\t\t\t\t<\/div><!--post-content-wrap-->\n\n\t\t\t\t\t<\/div><!--article-content-wrap-->\n\n\t\t\t\t\t\t\t\t\n\t\t<\/div><!--\/post-content-->\n\n\t<\/div><!--\/inner-wrap-->\n\t\t\n<\/article><!--\/article-->\n\t\t\t\t\n\t\t\t\t\n<article id=\"post-2357\" class=\"regular post-2357 post type-post status-publish format-standard has-post-thumbnail category-presentations\">\n\n\t<div class=\"inner-wrap animated\">\n\n\t\t<div class=\"post-content\">\n\t\t\t\n\t\t\t\t\t\t\t  \n\n\t\t\t\t\t <div class=\"article-content-wrap\">\n\t\t\t\t\t\t\n\t\t\t\t\t\t<div class=\"post-featured-img-wrap\"> \n\t\t\t\t\t\t\t\n\t\t\t\t\t\t\t<a href=\"https:\/\/decodem.ces.uc.pt\/?p=2357\"><span class=\"post-featured-img\" style=\"background-image: url(https:\/\/decodem.ces.uc.pt\/wp-content\/uploads\/2019\/11\/27024_cartaz_-_A_extrema_direita_-_web-blackwhite-842x600.jpg);\"><\/span><\/a>\t\t\t\t\t\t\t\n\t\t\t\t\t\t<\/div>\n\t\t\t\t\t\t\n\t\t\t\t\t\t<div class=\"post-content-wrap\"> \n\t\t\t\t\t\t\t\n\t\t\t\t\t\t\t<a class=\"entire-meta-link\" href=\"https:\/\/decodem.ces.uc.pt\/?p=2357\"><\/a>\n\t\t\t\t\t\t\t\n\t\t\t\t\t\t\t<span class=\"meta-category\"><a class=\"presentations\" href=\"https:\/\/decodem.ces.uc.pt\/?cat=16\">Apresenta\u00e7\u00f5es em eventos acad\u00e9micos<\/a><\/span>\t\t\t\t\t\t\n\t\t\t\t\t\t\t<div class=\"post-header\">\n\n\t\t\t\t\t\t\t\t<h3 class=\"title\">\n\t\t\t\t\t\t\t\t\t \n\t\t\t\t\t\t\t\t\t\t<a href=\"https:\/\/decodem.ces.uc.pt\/?p=2357\">\t\t\t\t\t\t\t\t\t\t\tSlam Seminar &#8211; &#8220;A extrema direita em Portugal e as agendas antig\u00e9nero e antimigra\u00e7\u00f5es&#8221;\t\t\t\t\t\t\t\t\t\t  \t\t\t\t\t\t\t\t<\/a> \n\t\t\t\t\t\t\t\t\t\t\t\t\t\t\t\t\t<\/h3>\n\n\t\t\t\t\t\t\t\t\n\t\t\t\t\t\t\t<\/div><!--\/post-header-->\n\t\t\t\t\t\t\t\n\t\t\t\t\t\t\t<div class=\"excerpt\">10 de Dezembro de 2019 15h30 - Sala 2, CES-Alta<\/div><div class=\"grav-wrap\"><a href=\"https:\/\/decodem.ces.uc.pt\/?author=1\"><\/a><div class=\"text\"><a href=\"https:\/\/decodem.ces.uc.pt\/?author=1\" rel=\"author\">decodem<\/a><span>27 de Novembro, 2019<\/span><\/div><\/div>\n\t\t\t\t\t<\/div><!--post-content-wrap-->\n\n\t\t\t\t\t<\/div><!--article-content-wrap-->\n\n\t\t\t\t\t\t\t\t\n\t\t<\/div><!--\/post-content-->\n\n\t<\/div><!--\/inner-wrap-->\n\t\t\n<\/article><!--\/article-->\n\t\t\t\t\n\t\t\t\t\n<article id=\"post-1982\" class=\"regular post-1982 post type-post status-publish format-standard has-post-thumbnail category-presentations\">\n\n\t<div class=\"inner-wrap animated\">\n\n\t\t<div class=\"post-content\">\n\t\t\t\n\t\t\t\t\t\t\t  \n\n\t\t\t\t\t <div class=\"article-content-wrap\">\n\t\t\t\t\t\t\n\t\t\t\t\t\t<div class=\"post-featured-img-wrap\"> \n\t\t\t\t\t\t\t\n\t\t\t\t\t\t\t<a href=\"https:\/\/decodem.ces.uc.pt\/?p=1982\"><span class=\"post-featured-img\" style=\"background-image: url(https:\/\/decodem.ces.uc.pt\/wp-content\/uploads\/2019\/10\/Cartel-768x814-1-blackwhite.jpg);\"><\/span><\/a>\t\t\t\t\t\t\t\n\t\t\t\t\t\t<\/div>\n\t\t\t\t\t\t\n\t\t\t\t\t\t<div class=\"post-content-wrap\"> \n\t\t\t\t\t\t\t\n\t\t\t\t\t\t\t<a class=\"entire-meta-link\" href=\"https:\/\/decodem.ces.uc.pt\/?p=1982\"><\/a>\n\t\t\t\t\t\t\t\n\t\t\t\t\t\t\t<span class=\"meta-category\"><a class=\"presentations\" href=\"https:\/\/decodem.ces.uc.pt\/?cat=16\">Apresenta\u00e7\u00f5es em eventos acad\u00e9micos<\/a><\/span>\t\t\t\t\t\t\n\t\t\t\t\t\t\t<div class=\"post-header\">\n\n\t\t\t\t\t\t\t\t<h3 class=\"title\">\n\t\t\t\t\t\t\t\t\t \n\t\t\t\t\t\t\t\t\t\t<a href=\"https:\/\/decodem.ces.uc.pt\/?p=1982\">\t\t\t\t\t\t\t\t\t\t\tII Congreso Internacional de Artes y Diversidad | Identidad Virtual, tr\u00e1nsito, territorio y violencias\t\t\t\t\t\t\t\t\t\t  \t\t\t\t\t\t\t\t<\/a> \n\t\t\t\t\t\t\t\t\t\t\t\t\t\t\t\t\t<\/h3>\n\n\t\t\t\t\t\t\t\t\n\t\t\t\t\t\t\t<\/div><!--\/post-header-->\n\t\t\t\t\t\t\t\n\t\t\t\t\t\t\t<div class=\"excerpt\">7-9 November 2019, Murcia, Spain.<\/div><div class=\"grav-wrap\"><a href=\"https:\/\/decodem.ces.uc.pt\/?author=1\"><\/a><div class=\"text\"><a href=\"https:\/\/decodem.ces.uc.pt\/?author=1\" rel=\"author\">decodem<\/a><span>5 de Novembro, 2019<\/span><\/div><\/div>\n\t\t\t\t\t<\/div><!--post-content-wrap-->\n\n\t\t\t\t\t<\/div><!--article-content-wrap-->\n\n\t\t\t\t\t\t\t\t\n\t\t<\/div><!--\/post-content-->\n\n\t<\/div><!--\/inner-wrap-->\n\t\t\n<\/article><!--\/article-->\n\t\t\t\t\n\t\t\t\t\n<article id=\"post-2068\" class=\"regular post-2068 post type-post status-publish format-standard has-post-thumbnail category-presentations\">\n\n\t<div class=\"inner-wrap animated\">\n\n\t\t<div class=\"post-content\">\n\t\t\t\n\t\t\t\t\t\t\t  \n\n\t\t\t\t\t <div class=\"article-content-wrap\">\n\t\t\t\t\t\t\n\t\t\t\t\t\t<div class=\"post-featured-img-wrap\"> \n\t\t\t\t\t\t\t\n\t\t\t\t\t\t\t<a href=\"https:\/\/decodem.ces.uc.pt\/?p=2068\"><span class=\"post-featured-img\" style=\"background-image: url(https:\/\/decodem.ces.uc.pt\/wp-content\/uploads\/2019\/10\/CARTAZ_4-blackwhite-e1571151463102-900x600.png);\"><\/span><\/a>\t\t\t\t\t\t\t\n\t\t\t\t\t\t<\/div>\n\t\t\t\t\t\t\n\t\t\t\t\t\t<div class=\"post-content-wrap\"> \n\t\t\t\t\t\t\t\n\t\t\t\t\t\t\t<a class=\"entire-meta-link\" href=\"https:\/\/decodem.ces.uc.pt\/?p=2068\"><\/a>\n\t\t\t\t\t\t\t\n\t\t\t\t\t\t\t<span class=\"meta-category\"><a class=\"presentations\" href=\"https:\/\/decodem.ces.uc.pt\/?cat=16\">Apresenta\u00e7\u00f5es em eventos acad\u00e9micos<\/a><\/span>\t\t\t\t\t\t\n\t\t\t\t\t\t\t<div class=\"post-header\">\n\n\t\t\t\t\t\t\t\t<h3 class=\"title\">\n\t\t\t\t\t\t\t\t\t \n\t\t\t\t\t\t\t\t\t\t<a href=\"https:\/\/decodem.ces.uc.pt\/?p=2068\">\t\t\t\t\t\t\t\t\t\t\tXI Congresso da SOPCOM\t\t\t\t\t\t\t\t\t\t  \t\t\t\t\t\t\t\t<\/a> \n\t\t\t\t\t\t\t\t\t\t\t\t\t\t\t\t\t<\/h3>\n\n\t\t\t\t\t\t\t\t\n\t\t\t\t\t\t\t<\/div><!--\/post-header-->\n\t\t\t\t\t\t\t\n\t\t\t\t\t\t\t<div class=\"excerpt\">13-15 November 2019, Funchal, Portugal.<\/div><div class=\"grav-wrap\"><a href=\"https:\/\/decodem.ces.uc.pt\/?author=1\"><\/a><div class=\"text\"><a href=\"https:\/\/decodem.ces.uc.pt\/?author=1\" rel=\"author\">decodem<\/a><span>1 de Novembro, 2019<\/span><\/div><\/div>\n\t\t\t\t\t<\/div><!--post-content-wrap-->\n\n\t\t\t\t\t<\/div><!--article-content-wrap-->\n\n\t\t\t\t\t\t\t\t\n\t\t<\/div><!--\/post-content-->\n\n\t<\/div><!--\/inner-wrap-->\n\t\t\n<\/article><!--\/article-->\n\t\t\t\t\n\t\t\t\t\n<article id=\"post-2276\" class=\"regular post-2276 post type-post status-publish format-standard has-post-thumbnail category-presentations\">\n\n\t<div class=\"inner-wrap animated\">\n\n\t\t<div class=\"post-content\">\n\t\t\t\n\t\t\t\t\t\t\t  \n\n\t\t\t\t\t <div class=\"article-content-wrap\">\n\t\t\t\t\t\t\n\t\t\t\t\t\t<div class=\"post-featured-img-wrap\"> \n\t\t\t\t\t\t\t\n\t\t\t\t\t\t\t<a href=\"https:\/\/decodem.ces.uc.pt\/?p=2276\"><span class=\"post-featured-img\" style=\"background-image: url(https:\/\/decodem.ces.uc.pt\/wp-content\/uploads\/2019\/10\/Captura-de-Ecr\u00e3-98-blackwhite-661x600.png);\"><\/span><\/a>\t\t\t\t\t\t\t\n\t\t\t\t\t\t<\/div>\n\t\t\t\t\t\t\n\t\t\t\t\t\t<div class=\"post-content-wrap\"> \n\t\t\t\t\t\t\t\n\t\t\t\t\t\t\t<a class=\"entire-meta-link\" href=\"https:\/\/decodem.ces.uc.pt\/?p=2276\"><\/a>\n\t\t\t\t\t\t\t\n\t\t\t\t\t\t\t<span class=\"meta-category\"><a class=\"presentations\" href=\"https:\/\/decodem.ces.uc.pt\/?cat=16\">Apresenta\u00e7\u00f5es em eventos acad\u00e9micos<\/a><\/span>\t\t\t\t\t\t\n\t\t\t\t\t\t\t<div class=\"post-header\">\n\n\t\t\t\t\t\t\t\t<h3 class=\"title\">\n\t\t\t\t\t\t\t\t\t \n\t\t\t\t\t\t\t\t\t\t<a href=\"https:\/\/decodem.ces.uc.pt\/?p=2276\">\t\t\t\t\t\t\t\t\t\t\tSquaring the Circle? A Case-study of the XXI Portuguese Government Navigating the Political Landscape amidst the Populist Tide in Europe\t\t\t\t\t\t\t\t\t\t  \t\t\t\t\t\t\t\t<\/a> \n\t\t\t\t\t\t\t\t\t\t\t\t\t\t\t\t\t<\/h3>\n\n\t\t\t\t\t\t\t\t\n\t\t\t\t\t\t\t<\/div><!--\/post-header-->\n\t\t\t\t\t\t\t\n\t\t\t\t\t\t\t<div class=\"excerpt\">UACES 49th Annual Conference in Contemporary European Studies, Faculdade de Direito da Universidade de Lisboa,&hellip;<\/div><div class=\"grav-wrap\"><a href=\"https:\/\/decodem.ces.uc.pt\/?author=1\"><\/a><div class=\"text\"><a href=\"https:\/\/decodem.ces.uc.pt\/?author=1\" rel=\"author\">decodem<\/a><span>31 de Outubro, 2019<\/span><\/div><\/div>\n\t\t\t\t\t<\/div><!--post-content-wrap-->\n\n\t\t\t\t\t<\/div><!--article-content-wrap-->\n\n\t\t\t\t\t\t\t\t\n\t\t<\/div><!--\/post-content-->\n\n\t<\/div><!--\/inner-wrap-->\n\t\t\n<\/article><!--\/article-->\n\t\t\t\t\n\t\t\t\t\n<article id=\"post-2261\" class=\"regular post-2261 post type-post status-publish format-standard has-post-thumbnail category-presentations\">\n\n\t<div class=\"inner-wrap animated\">\n\n\t\t<div class=\"post-content\">\n\t\t\t\n\t\t\t\t\t\t\t  \n\n\t\t\t\t\t <div class=\"article-content-wrap\">\n\t\t\t\t\t\t\n\t\t\t\t\t\t<div class=\"post-featured-img-wrap\"> \n\t\t\t\t\t\t\t\n\t\t\t\t\t\t\t<a href=\"https:\/\/decodem.ces.uc.pt\/?p=2261\"><span class=\"post-featured-img\" style=\"background-image: url(https:\/\/decodem.ces.uc.pt\/wp-content\/uploads\/2019\/10\/BANNER_SITE_2019-blackwhite-900x600.jpg);\"><\/span><\/a>\t\t\t\t\t\t\t\n\t\t\t\t\t\t<\/div>\n\t\t\t\t\t\t\n\t\t\t\t\t\t<div class=\"post-content-wrap\"> \n\t\t\t\t\t\t\t\n\t\t\t\t\t\t\t<a class=\"entire-meta-link\" href=\"https:\/\/decodem.ces.uc.pt\/?p=2261\"><\/a>\n\t\t\t\t\t\t\t\n\t\t\t\t\t\t\t<span class=\"meta-category\"><a class=\"presentations\" href=\"https:\/\/decodem.ces.uc.pt\/?cat=16\">Apresenta\u00e7\u00f5es em eventos acad\u00e9micos<\/a><\/span>\t\t\t\t\t\t\n\t\t\t\t\t\t\t<div class=\"post-header\">\n\n\t\t\t\t\t\t\t\t<h3 class=\"title\">\n\t\t\t\t\t\t\t\t\t \n\t\t\t\t\t\t\t\t\t\t<a href=\"https:\/\/decodem.ces.uc.pt\/?p=2261\">\t\t\t\t\t\t\t\t\t\t\tO homem promotor da igualdade &#8211; homens e mulheres lado a lado pela igualdade de g\u00e9nero\t\t\t\t\t\t\t\t\t\t  \t\t\t\t\t\t\t\t<\/a> \n\t\t\t\t\t\t\t\t\t\t\t\t\t\t\t\t\t<\/h3>\n\n\t\t\t\t\t\t\t\t\n\t\t\t\t\t\t\t<\/div><!--\/post-header-->\n\t\t\t\t\t\t\t\n\t\t\t\t\t\t\t<div class=\"excerpt\">14-16 November 2019, Lisbon, Portugal.<\/div><div class=\"grav-wrap\"><a href=\"https:\/\/decodem.ces.uc.pt\/?author=1\"><\/a><div class=\"text\"><a href=\"https:\/\/decodem.ces.uc.pt\/?author=1\" rel=\"author\">decodem<\/a><span>31 de Outubro, 2019<\/span><\/div><\/div>\n\t\t\t\t\t<\/div><!--post-content-wrap-->\n\n\t\t\t\t\t<\/div><!--article-content-wrap-->\n\n\t\t\t\t\t\t\t\t\n\t\t<\/div><!--\/post-content-->\n\n\t<\/div><!--\/inner-wrap-->\n\t\t\n<\/article><!--\/article-->\n\t\t\t\t\n\t\t\t\t\n<article id=\"post-1584\" class=\"regular post-1584 post type-post status-publish format-standard has-post-thumbnail category-presentations\">\n\n\t<div class=\"inner-wrap animated\">\n\n\t\t<div class=\"post-content\">\n\t\t\t\n\t\t\t\t\t\t\t  \n\n\t\t\t\t\t <div class=\"article-content-wrap\">\n\t\t\t\t\t\t\n\t\t\t\t\t\t<div class=\"post-featured-img-wrap\"> \n\t\t\t\t\t\t\t\n\t\t\t\t\t\t\t<a href=\"https:\/\/decodem.ces.uc.pt\/?p=1584\"><span class=\"post-featured-img\" style=\"background-image: url(https:\/\/decodem.ces.uc.pt\/wp-content\/uploads\/2019\/10\/1088452-blackwhite-900x600.jpg);\"><\/span><\/a>\t\t\t\t\t\t\t\n\t\t\t\t\t\t<\/div>\n\t\t\t\t\t\t\n\t\t\t\t\t\t<div class=\"post-content-wrap\"> \n\t\t\t\t\t\t\t\n\t\t\t\t\t\t\t<a class=\"entire-meta-link\" href=\"https:\/\/decodem.ces.uc.pt\/?p=1584\"><\/a>\n\t\t\t\t\t\t\t\n\t\t\t\t\t\t\t<span class=\"meta-category\"><a class=\"presentations\" href=\"https:\/\/decodem.ces.uc.pt\/?cat=16\">Apresenta\u00e7\u00f5es em eventos acad\u00e9micos<\/a><\/span>\t\t\t\t\t\t\n\t\t\t\t\t\t\t<div class=\"post-header\">\n\n\t\t\t\t\t\t\t\t<h3 class=\"title\">\n\t\t\t\t\t\t\t\t\t \n\t\t\t\t\t\t\t\t\t\t<a href=\"https:\/\/decodem.ces.uc.pt\/?p=1584\">\t\t\t\t\t\t\t\t\t\t\tWhat is a #realman? An exploration of gendered representations in online social networks among Portuguese-speaking users\t\t\t\t\t\t\t\t\t\t  \t\t\t\t\t\t\t\t<\/a> \n\t\t\t\t\t\t\t\t\t\t\t\t\t\t\t\t\t<\/h3>\n\n\t\t\t\t\t\t\t\t\n\t\t\t\t\t\t\t<\/div><!--\/post-header-->\n\t\t\t\t\t\t\t\n\t\t\t\t\t\t\t<div class=\"excerpt\">Almeida Cravo, Teresa; Santos, Sofia Jos\u00e9; Ara\u00fajo, Sara (2019), \"What is a #realman? An exploration&hellip;<\/div><div class=\"grav-wrap\"><a href=\"https:\/\/decodem.ces.uc.pt\/?author=1\"><\/a><div class=\"text\"><a href=\"https:\/\/decodem.ces.uc.pt\/?author=1\" rel=\"author\">decodem<\/a><span>9 de Outubro, 2019<\/span><\/div><\/div>\n\t\t\t\t\t<\/div><!--post-content-wrap-->\n\n\t\t\t\t\t<\/div><!--article-content-wrap-->\n\n\t\t\t\t\t\t\t\t\n\t\t<\/div><!--\/post-content-->\n\n\t<\/div><!--\/inner-wrap-->\n\t\t\n<\/article><!--\/article-->\n\t\t\t\t\n\t\t\t\t\n<article id=\"post-1597\" class=\"regular post-1597 post type-post status-publish format-standard has-post-thumbnail category-presentations\">\n\n\t<div class=\"inner-wrap animated\">\n\n\t\t<div class=\"post-content\">\n\t\t\t\n\t\t\t\t\t\t\t  \n\n\t\t\t\t\t <div class=\"article-content-wrap\">\n\t\t\t\t\t\t\n\t\t\t\t\t\t<div class=\"post-featured-img-wrap\"> \n\t\t\t\t\t\t\t\n\t\t\t\t\t\t\t<a href=\"https:\/\/decodem.ces.uc.pt\/?p=1597\"><span class=\"post-featured-img\" style=\"background-image: url(https:\/\/decodem.ces.uc.pt\/wp-content\/uploads\/2019\/10\/IMG_1846-900x600.jpg);\"><\/span><\/a>\t\t\t\t\t\t\t\n\t\t\t\t\t\t<\/div>\n\t\t\t\t\t\t\n\t\t\t\t\t\t<div class=\"post-content-wrap\"> \n\t\t\t\t\t\t\t\n\t\t\t\t\t\t\t<a class=\"entire-meta-link\" href=\"https:\/\/decodem.ces.uc.pt\/?p=1597\"><\/a>\n\t\t\t\t\t\t\t\n\t\t\t\t\t\t\t<span class=\"meta-category\"><a class=\"presentations\" href=\"https:\/\/decodem.ces.uc.pt\/?cat=16\">Apresenta\u00e7\u00f5es em eventos acad\u00e9micos<\/a><\/span>\t\t\t\t\t\t\n\t\t\t\t\t\t\t<div class=\"post-header\">\n\n\t\t\t\t\t\t\t\t<h3 class=\"title\">\n\t\t\t\t\t\t\t\t\t \n\t\t\t\t\t\t\t\t\t\t<a href=\"https:\/\/decodem.ces.uc.pt\/?p=1597\">\t\t\t\t\t\t\t\t\t\t\t&#8220;Homens \u00e0 s\u00e9ria&#8221;: Comunica\u00e7\u00e3o, contra-hegemonia e performatividade em rede\t\t\t\t\t\t\t\t\t\t  \t\t\t\t\t\t\t\t<\/a> \n\t\t\t\t\t\t\t\t\t\t\t\t\t\t\t\t\t<\/h3>\n\n\t\t\t\t\t\t\t\t\n\t\t\t\t\t\t\t<\/div><!--\/post-header-->\n\t\t\t\t\t\t\t\n\t\t\t\t\t\t\t<div class=\"excerpt\">Santos, Sofia Jos\u00e9 (2019), \"\"Homens \u00e0 s\u00e9ria\": Comunica\u00e7\u00e3o, contra-hegemonia e performatividade em rede\", comunica\u00e7\u00e3o apresentada&hellip;<\/div><div class=\"grav-wrap\"><a href=\"https:\/\/decodem.ces.uc.pt\/?author=1\"><\/a><div class=\"text\"><a href=\"https:\/\/decodem.ces.uc.pt\/?author=1\" rel=\"author\">decodem<\/a><span>7 de Outubro, 2019<\/span><\/div><\/div>\n\t\t\t\t\t<\/div><!--post-content-wrap-->\n\n\t\t\t\t\t<\/div><!--article-content-wrap-->\n\n\t\t\t\t\t\t\t\t\n\t\t<\/div><!--\/post-content-->\n\n\t<\/div><!--\/inner-wrap-->\n\t\t\n<\/article><!--\/article-->\n\t\t\t\t\n\t\t\t\t\n<article id=\"post-1549\" class=\"regular post-1549 post type-post status-publish format-standard has-post-thumbnail category-presentations\">\n\n\t<div class=\"inner-wrap animated\">\n\n\t\t<div class=\"post-content\">\n\t\t\t\n\t\t\t\t\t\t\t  \n\n\t\t\t\t\t <div class=\"article-content-wrap\">\n\t\t\t\t\t\t\n\t\t\t\t\t\t<div class=\"post-featured-img-wrap\"> \n\t\t\t\t\t\t\t\n\t\t\t\t\t\t\t<a href=\"https:\/\/decodem.ces.uc.pt\/?p=1549\"><span class=\"post-featured-img\" style=\"background-image: url(https:\/\/decodem.ces.uc.pt\/wp-content\/uploads\/2019\/05\/joshua-hanson-1484110-unsplash-900x600.jpg);\"><\/span><\/a>\t\t\t\t\t\t\t\n\t\t\t\t\t\t<\/div>\n\t\t\t\t\t\t\n\t\t\t\t\t\t<div class=\"post-content-wrap\"> \n\t\t\t\t\t\t\t\n\t\t\t\t\t\t\t<a class=\"entire-meta-link\" href=\"https:\/\/decodem.ces.uc.pt\/?p=1549\"><\/a>\n\t\t\t\t\t\t\t\n\t\t\t\t\t\t\t<span class=\"meta-category\"><a class=\"presentations\" href=\"https:\/\/decodem.ces.uc.pt\/?cat=16\">Apresenta\u00e7\u00f5es em eventos acad\u00e9micos<\/a><\/span>\t\t\t\t\t\t\n\t\t\t\t\t\t\t<div class=\"post-header\">\n\n\t\t\t\t\t\t\t\t<h3 class=\"title\">\n\t\t\t\t\t\t\t\t\t \n\t\t\t\t\t\t\t\t\t\t<a href=\"https:\/\/decodem.ces.uc.pt\/?p=1549\">\t\t\t\t\t\t\t\t\t\t\tDa \u2018Modern Family\u2019 ao \u2018Big Bang Theory\u2019: a necessidade de literacia medi\u00e1tica cr\u00edtica para a igualdade de g\u00e9nero\t\t\t\t\t\t\t\t\t\t  \t\t\t\t\t\t\t\t<\/a> \n\t\t\t\t\t\t\t\t\t\t\t\t\t\t\t\t\t<\/h3>\n\n\t\t\t\t\t\t\t\t\n\t\t\t\t\t\t\t<\/div><!--\/post-header-->\n\t\t\t\t\t\t\t\n\t\t\t\t\t\t\t<div class=\"excerpt\">Santos, Sofia Jos\u00e9; Amaral, In\u00eas (2019). Da \u2018Modern Family\u2019 ao \u2018Big Bang Theory\u2019: a necessidade&hellip;<\/div><div class=\"grav-wrap\"><a href=\"https:\/\/decodem.ces.uc.pt\/?author=1\"><\/a><div class=\"text\"><a href=\"https:\/\/decodem.ces.uc.pt\/?author=1\" rel=\"author\">decodem<\/a><span>3 de Outubro, 2019<\/span><\/div><\/div>\n\t\t\t\t\t<\/div><!--post-content-wrap-->\n\n\t\t\t\t\t<\/div><!--article-content-wrap-->\n\n\t\t\t\t\t\t\t\t\n\t\t<\/div><!--\/post-content-->\n\n\t<\/div><!--\/inner-wrap-->\n\t\t\n<\/article><!--\/article-->\n\t\t\t\n\t\t\t<\/div><!--\/posts container-->\n\t\t\t\n\t\t\t\t\t\n  <\/div><!--\/post area-->\n  \n  \t\t\n\t\n\t<\/div>\n\t\n\t[\/vc_column][\/vc_row]\n","protected":false},"excerpt":{"rendered":"<p>[vc_row type=&#8221;full_width_background&#8221; full_screen_row_position=&#8221;middle&#8221; scene_position=&#8221;center&#8221; text_color=&#8221;dark&#8221; text_align=&#8221;left&#8221; top_padding=&#8221;100&#8243; overlay_strength=&#8221;0.3&#8243; shape_divider_position=&#8221;bottom&#8221; bg_image_animation=&#8221;none&#8221; shape_type=&#8221;&#8221;][vc_column column_padding=&#8221;no-extra-padding&#8221; column_padding_position=&#8221;all&#8221; background_color_opacity=&#8221;1&#8243; background_hover_color_opacity=&#8221;1&#8243; column_link_target=&#8221;_self&#8221; column_shadow=&#8221;none&#8221; column_border_radius=&#8221;none&#8221; bottom_margin=&#8221;50&#8243; width=&#8221;1\/1&#8243; tablet_width_inherit=&#8221;default&#8221; tablet_text_alignment=&#8221;default&#8221; phone_text_alignment=&#8221;default&#8221; column_border_width=&#8221;none&#8221; column_border_style=&#8221;solid&#8221; bg_image_animation=&#8221;none&#8221;][vc_column_text] PRESENTATIONS AT ACADEMIC EVENTS&#8230;<\/p>\n","protected":false},"author":1,"featured_media":0,"parent":0,"menu_order":0,"comment_status":"closed","ping_status":"closed","template":"","meta":{"footnotes":""},"_links":{"self":[{"href":"https:\/\/decodem.ces.uc.pt\/index.php?rest_route=\/wp\/v2\/pages\/304"}],"collection":[{"href":"https:\/\/decodem.ces.uc.pt\/index.php?rest_route=\/wp\/v2\/pages"}],"about":[{"href":"https:\/\/decodem.ces.uc.pt\/index.php?rest_route=\/wp\/v2\/types\/page"}],"author":[{"embeddable":true,"href":"https:\/\/decodem.ces.uc.pt\/index.php?rest_route=\/wp\/v2\/users\/1"}],"replies":[{"embeddable":true,"href":"https:\/\/decodem.ces.uc.pt\/index.php?rest_route=%2Fwp%2Fv2%2Fcomments&post=304"}],"version-history":[{"count":31,"href":"https:\/\/decodem.ces.uc.pt\/index.php?rest_route=\/wp\/v2\/pages\/304\/revisions"}],"predecessor-version":[{"id":2744,"href":"https:\/\/decodem.ces.uc.pt\/index.php?rest_route=\/wp\/v2\/pages\/304\/revisions\/2744"}],"wp:attachment":[{"href":"https:\/\/decodem.ces.uc.pt\/index.php?rest_route=%2Fwp%2Fv2%2Fmedia&parent=304"}],"curies":[{"name":"wp","href":"https:\/\/api.w.org\/{rel}","templated":true}]}}